{"id":1169,"date":"2023-06-26T16:27:12","date_gmt":"2023-06-26T14:27:12","guid":{"rendered":"https:\/\/ceramitage.eu\/?page_id=1169"},"modified":"2023-09-23T12:55:53","modified_gmt":"2023-09-23T10:55:53","slug":"den-europeiske-keramikkruten","status":"publish","type":"page","link":"https:\/\/ceramitage.eu\/no\/den-europeiske-keramikkruten\/","title":{"rendered":"Den Europeiske Keramikkruten"},"content":{"rendered":"\t\t<div data-elementor-type=\"wp-page\" data-elementor-id=\"1169\" class=\"elementor elementor-1169\" data-elementor-post-type=\"page\">\n\t\t\t\t\t\t<section class=\"elementor-section elementor-top-section elementor-element elementor-element-203753b0 elementor-section-boxed elementor-section-height-default elementor-section-height-default\" data-id=\"203753b0\" data-element_type=\"section\" data-settings=\"{&quot;jet_parallax_layout_list&quot;:[]}\">\n\t\t\t\t\t\t<div class=\"elementor-container elementor-column-gap-default\">\n\t\t\t\t\t<div class=\"elementor-column elementor-col-100 elementor-top-column elementor-element elementor-element-53ec7890\" data-id=\"53ec7890\" data-element_type=\"column\">\n\t\t\t<div class=\"elementor-widget-wrap elementor-element-populated\">\n\t\t\t\t\t\t<div class=\"elementor-element elementor-element-1e3d2f4b elementor-widget elementor-widget-text-editor\" data-id=\"1e3d2f4b\" data-element_type=\"widget\" data-widget_type=\"text-editor.default\">\n\t\t\t\t<div class=\"elementor-widget-container\">\n\t\t\t\t\t\t\t<!-- wp:paragraph -->\n<p>Den europeiske keramikkruten startet i 2012. M\u00e5let for prosjektet er \u00e5 fremme kulturarven knyttet til keramikkh\u00e5ndverk gjennom \u00e5 skape et b\u00e6rekraftig og konkurransedyktig turisttilbud basert p\u00e5 produksjon og samlinger (verksteder og museer), samtidig som det eksplisitt vises til keramikkbyenes komplekse kulturelle og sosiale utvikling. Rutens aktiviteter ble koordinert av byen Limoges de f\u00f8rste fem \u00e5rene; i 2018 overtok byen Faenza denne funksjonen.<\/p>\n<!-- \/wp:paragraph -->\n\n<!-- wp:paragraph -->\n<p>Den europeiske kulturruten er en tittel som tildeles av Europar\u00e5det til turistruter og stier av s\u00e6rlig betydning for europeisk identitet, kultur og felles arv som oppfyller flere kriterier (bl.a. temaet m\u00e5 gjenspeile europeiske verdier, som er felles for minst tre land i Europa; internasjonal, tverrfaglig forskning; videref\u00f8ring av europeisk minne, historie og kulturarv og de m\u00e5 gi et viktig bidrag til oppfatningen av mangfoldet i dagens Europa. De skal fremme kultur- og kunnskapsutveksling blant unge mennesker; skape innovative prosjekter innen kulturturisme og b\u00e6rekraftig kulturell utvikling; og turismetilbud for ulike sosiale grupper).<\/p>\n<!-- \/wp:paragraph -->\t\t\t\t\t\t<\/div>\n\t\t\t\t<\/div>\n\t\t\t\t\t<\/div>\n\t\t<\/div>\n\t\t\t\t\t<\/div>\n\t\t<\/section>\n\t\t\t\t<section class=\"elementor-section elementor-top-section elementor-element elementor-element-d4c937d elementor-section-boxed elementor-section-height-default elementor-section-height-default\" data-id=\"d4c937d\" data-element_type=\"section\" data-settings=\"{&quot;jet_parallax_layout_list&quot;:[]}\">\n\t\t\t\t\t\t<div class=\"elementor-container elementor-column-gap-default\">\n\t\t\t\t\t<div class=\"elementor-column elementor-col-100 elementor-top-column elementor-element elementor-element-f465470\" data-id=\"f465470\" data-element_type=\"column\">\n\t\t\t<div class=\"elementor-widget-wrap elementor-element-populated\">\n\t\t\t\t\t\t<div class=\"elementor-element elementor-element-114ad70 gallery-spacing-custom elementor-widget elementor-widget-image-gallery\" data-id=\"114ad70\" data-element_type=\"widget\" data-widget_type=\"image-gallery.default\">\n\t\t\t\t<div class=\"elementor-widget-container\">\n\t\t\t\t\t<div class=\"elementor-image-gallery\">\n\t\t\t<div id='gallery-1' class='gallery galleryid-1169 gallery-columns-4 gallery-size-post-thumbnail'><figure class='gallery-item'>\n\t\t\t<div class='gallery-icon landscape'>\n\t\t\t\t<a data-elementor-open-lightbox=\"yes\" data-elementor-lightbox-slideshow=\"114ad70\" data-elementor-lightbox-title=\"Aveiro-2\" data-e-action-hash=\"#elementor-action%3Aaction%3Dlightbox%26settings%3DeyJpZCI6NDIzNiwidXJsIjoiaHR0cHM6XC9cL2NlcmFtaXRhZ2UuZXVcL3dwLWNvbnRlbnRcL3VwbG9hZHNcLzIwMjNcLzA5XC9BdmVpcm8tMi5qcGciLCJzbGlkZXNob3ciOiIxMTRhZDcwIn0%3D\" href='https:\/\/ceramitage.eu\/wp-content\/uploads\/2023\/09\/Aveiro-2.jpg'><img fetchpriority=\"high\" decoding=\"async\" width=\"370\" height=\"265\" src=\"https:\/\/ceramitage.eu\/wp-content\/uploads\/2023\/09\/Aveiro-2-370x265.jpg\" class=\"attachment-post-thumbnail size-post-thumbnail\" alt=\"\" \/><\/a>\n\t\t\t<\/div><\/figure><figure class='gallery-item'>\n\t\t\t<div class='gallery-icon landscape'>\n\t\t\t\t<a data-elementor-open-lightbox=\"yes\" data-elementor-lightbox-slideshow=\"114ad70\" data-elementor-lightbox-title=\"Talavera de la Reina 01\" data-e-action-hash=\"#elementor-action%3Aaction%3Dlightbox%26settings%3DeyJpZCI6NDI3MiwidXJsIjoiaHR0cHM6XC9cL2NlcmFtaXRhZ2UuZXVcL3dwLWNvbnRlbnRcL3VwbG9hZHNcLzIwMjNcLzA5XC9UYWxhdmVyYS1kZS1sYS1SZWluYS0wMS5qcGciLCJzbGlkZXNob3ciOiIxMTRhZDcwIn0%3D\" href='https:\/\/ceramitage.eu\/wp-content\/uploads\/2023\/09\/Talavera-de-la-Reina-01.jpg'><img decoding=\"async\" width=\"370\" height=\"265\" src=\"https:\/\/ceramitage.eu\/wp-content\/uploads\/2023\/09\/Talavera-de-la-Reina-01-370x265.jpg\" class=\"attachment-post-thumbnail size-post-thumbnail\" alt=\"\" \/><\/a>\n\t\t\t<\/div><\/figure><figure class='gallery-item'>\n\t\t\t<div class='gallery-icon landscape'>\n\t\t\t\t<a data-elementor-open-lightbox=\"yes\" data-elementor-lightbox-slideshow=\"114ad70\" data-elementor-lightbox-title=\"State Tourism Agency of Azerbaijan 01\" data-e-action-hash=\"#elementor-action%3Aaction%3Dlightbox%26settings%3DeyJpZCI6NDI2OSwidXJsIjoiaHR0cHM6XC9cL2NlcmFtaXRhZ2UuZXVcL3dwLWNvbnRlbnRcL3VwbG9hZHNcLzIwMjNcLzA5XC9TdGF0ZS1Ub3VyaXNtLUFnZW5jeS1vZi1BemVyYmFpamFuLTAxLmpwZyIsInNsaWRlc2hvdyI6IjExNGFkNzAifQ%3D%3D\" href='https:\/\/ceramitage.eu\/wp-content\/uploads\/2023\/09\/State-Tourism-Agency-of-Azerbaijan-01.jpg'><img decoding=\"async\" width=\"370\" height=\"265\" src=\"https:\/\/ceramitage.eu\/wp-content\/uploads\/2023\/09\/State-Tourism-Agency-of-Azerbaijan-01-370x265.jpg\" class=\"attachment-post-thumbnail size-post-thumbnail\" alt=\"\" \/><\/a>\n\t\t\t<\/div><\/figure><figure class='gallery-item'>\n\t\t\t<div class='gallery-icon landscape'>\n\t\t\t\t<a data-elementor-open-lightbox=\"yes\" data-elementor-lightbox-slideshow=\"114ad70\" data-elementor-lightbox-title=\"Selb Porzellanikon Museum 01\" data-e-action-hash=\"#elementor-action%3Aaction%3Dlightbox%26settings%3DeyJpZCI6NDI2NiwidXJsIjoiaHR0cHM6XC9cL2NlcmFtaXRhZ2UuZXVcL3dwLWNvbnRlbnRcL3VwbG9hZHNcLzIwMjNcLzA5XC9TZWxiLVBvcnplbGxhbmlrb24tTXVzZXVtLTAxLmpwZyIsInNsaWRlc2hvdyI6IjExNGFkNzAifQ%3D%3D\" href='https:\/\/ceramitage.eu\/wp-content\/uploads\/2023\/09\/Selb-Porzellanikon-Museum-01.jpg'><img loading=\"lazy\" decoding=\"async\" width=\"370\" height=\"265\" src=\"https:\/\/ceramitage.eu\/wp-content\/uploads\/2023\/09\/Selb-Porzellanikon-Museum-01-370x265.jpg\" class=\"attachment-post-thumbnail size-post-thumbnail\" alt=\"\" \/><\/a>\n\t\t\t<\/div><\/figure><figure class='gallery-item'>\n\t\t\t<div class='gallery-icon landscape'>\n\t\t\t\t<a data-elementor-open-lightbox=\"yes\" data-elementor-lightbox-slideshow=\"114ad70\" data-elementor-lightbox-title=\"National Museum of Hutsulshchyna and Pokuttia 01\" data-e-action-hash=\"#elementor-action%3Aaction%3Dlightbox%26settings%3DeyJpZCI6NDI2MywidXJsIjoiaHR0cHM6XC9cL2NlcmFtaXRhZ2UuZXVcL3dwLWNvbnRlbnRcL3VwbG9hZHNcLzIwMjNcLzA5XC9OYXRpb25hbC1NdXNldW0tb2YtSHV0c3Vsc2hjaHluYS1hbmQtUG9rdXR0aWEtMDEuanBnIiwic2xpZGVzaG93IjoiMTE0YWQ3MCJ9\" href='https:\/\/ceramitage.eu\/wp-content\/uploads\/2023\/09\/National-Museum-of-Hutsulshchyna-and-Pokuttia-01.jpg'><img loading=\"lazy\" decoding=\"async\" width=\"370\" height=\"265\" src=\"https:\/\/ceramitage.eu\/wp-content\/uploads\/2023\/09\/National-Museum-of-Hutsulshchyna-and-Pokuttia-01-370x265.jpg\" class=\"attachment-post-thumbnail size-post-thumbnail\" alt=\"\" \/><\/a>\n\t\t\t<\/div><\/figure><figure class='gallery-item'>\n\t\t\t<div class='gallery-icon landscape'>\n\t\t\t\t<a data-elementor-open-lightbox=\"yes\" data-elementor-lightbox-slideshow=\"114ad70\" data-elementor-lightbox-title=\"Manises 01\" data-e-action-hash=\"#elementor-action%3Aaction%3Dlightbox%26settings%3DeyJpZCI6NDI2MCwidXJsIjoiaHR0cHM6XC9cL2NlcmFtaXRhZ2UuZXVcL3dwLWNvbnRlbnRcL3VwbG9hZHNcLzIwMjNcLzA5XC9NYW5pc2VzLTAxLmpwZyIsInNsaWRlc2hvdyI6IjExNGFkNzAifQ%3D%3D\" href='https:\/\/ceramitage.eu\/wp-content\/uploads\/2023\/09\/Manises-01.jpg'><img loading=\"lazy\" decoding=\"async\" width=\"370\" height=\"265\" src=\"https:\/\/ceramitage.eu\/wp-content\/uploads\/2023\/09\/Manises-01-370x265.jpg\" class=\"attachment-post-thumbnail size-post-thumbnail\" alt=\"\" \/><\/a>\n\t\t\t<\/div><\/figure><figure class='gallery-item'>\n\t\t\t<div class='gallery-icon landscape'>\n\t\t\t\t<a data-elementor-open-lightbox=\"yes\" data-elementor-lightbox-slideshow=\"114ad70\" data-elementor-lightbox-title=\"Limoges 03\" data-e-action-hash=\"#elementor-action%3Aaction%3Dlightbox%26settings%3DeyJpZCI6NDI1NywidXJsIjoiaHR0cHM6XC9cL2NlcmFtaXRhZ2UuZXVcL3dwLWNvbnRlbnRcL3VwbG9hZHNcLzIwMjNcLzA5XC9MaW1vZ2VzLTAzLmpwZyIsInNsaWRlc2hvdyI6IjExNGFkNzAifQ%3D%3D\" href='https:\/\/ceramitage.eu\/wp-content\/uploads\/2023\/09\/Limoges-03.jpg'><img loading=\"lazy\" decoding=\"async\" width=\"370\" height=\"265\" src=\"https:\/\/ceramitage.eu\/wp-content\/uploads\/2023\/09\/Limoges-03-370x265.jpg\" class=\"attachment-post-thumbnail size-post-thumbnail\" alt=\"\" \/><\/a>\n\t\t\t<\/div><\/figure><figure class='gallery-item'>\n\t\t\t<div class='gallery-icon landscape'>\n\t\t\t\t<a data-elementor-open-lightbox=\"yes\" data-elementor-lightbox-slideshow=\"114ad70\" data-elementor-lightbox-title=\"Iznik Foundation 03\" data-e-action-hash=\"#elementor-action%3Aaction%3Dlightbox%26settings%3DeyJpZCI6NDI1NCwidXJsIjoiaHR0cHM6XC9cL2NlcmFtaXRhZ2UuZXVcL3dwLWNvbnRlbnRcL3VwbG9hZHNcLzIwMjNcLzA5XC9Jem5pay1Gb3VuZGF0aW9uLTAzLmpwZyIsInNsaWRlc2hvdyI6IjExNGFkNzAifQ%3D%3D\" href='https:\/\/ceramitage.eu\/wp-content\/uploads\/2023\/09\/Iznik-Foundation-03.jpg'><img loading=\"lazy\" decoding=\"async\" width=\"370\" height=\"265\" src=\"https:\/\/ceramitage.eu\/wp-content\/uploads\/2023\/09\/Iznik-Foundation-03-370x265.jpg\" class=\"attachment-post-thumbnail size-post-thumbnail\" alt=\"\" \/><\/a>\n\t\t\t<\/div><\/figure><figure class='gallery-item'>\n\t\t\t<div class='gallery-icon landscape'>\n\t\t\t\t<a data-elementor-open-lightbox=\"yes\" data-elementor-lightbox-slideshow=\"114ad70\" data-elementor-lightbox-title=\"Ho\u0308hr-Grenzhausen 01\" data-e-action-hash=\"#elementor-action%3Aaction%3Dlightbox%26settings%3DeyJpZCI6NDI1MSwidXJsIjoiaHR0cHM6XC9cL2NlcmFtaXRhZ2UuZXVcL3dwLWNvbnRlbnRcL3VwbG9hZHNcLzIwMjNcLzA5XC9Ib2hyLUdyZW56aGF1c2VuLTAxLmpwZyIsInNsaWRlc2hvdyI6IjExNGFkNzAifQ%3D%3D\" href='https:\/\/ceramitage.eu\/wp-content\/uploads\/2023\/09\/Hohr-Grenzhausen-01.jpg'><img loading=\"lazy\" decoding=\"async\" width=\"370\" height=\"265\" src=\"https:\/\/ceramitage.eu\/wp-content\/uploads\/2023\/09\/Hohr-Grenzhausen-01-370x265.jpg\" class=\"attachment-post-thumbnail size-post-thumbnail\" alt=\"\" \/><\/a>\n\t\t\t<\/div><\/figure><figure class='gallery-item'>\n\t\t\t<div class='gallery-icon landscape'>\n\t\t\t\t<a data-elementor-open-lightbox=\"yes\" data-elementor-lightbox-slideshow=\"114ad70\" data-elementor-lightbox-title=\"Gmunden 02\" data-e-action-hash=\"#elementor-action%3Aaction%3Dlightbox%26settings%3DeyJpZCI6NDI0OCwidXJsIjoiaHR0cHM6XC9cL2NlcmFtaXRhZ2UuZXVcL3dwLWNvbnRlbnRcL3VwbG9hZHNcLzIwMjNcLzA5XC9HbXVuZGVuLTAyLmpwZyIsInNsaWRlc2hvdyI6IjExNGFkNzAifQ%3D%3D\" href='https:\/\/ceramitage.eu\/wp-content\/uploads\/2023\/09\/Gmunden-02.jpg'><img loading=\"lazy\" decoding=\"async\" width=\"370\" height=\"265\" src=\"https:\/\/ceramitage.eu\/wp-content\/uploads\/2023\/09\/Gmunden-02-370x265.jpg\" class=\"attachment-post-thumbnail size-post-thumbnail\" alt=\"\" \/><\/a>\n\t\t\t<\/div><\/figure><figure class='gallery-item'>\n\t\t\t<div class='gallery-icon landscape'>\n\t\t\t\t<a data-elementor-open-lightbox=\"yes\" data-elementor-lightbox-slideshow=\"114ad70\" data-elementor-lightbox-title=\"Faenza 01\" data-e-action-hash=\"#elementor-action%3Aaction%3Dlightbox%26settings%3DeyJpZCI6NDI0NSwidXJsIjoiaHR0cHM6XC9cL2NlcmFtaXRhZ2UuZXVcL3dwLWNvbnRlbnRcL3VwbG9hZHNcLzIwMjNcLzA5XC9GYWVuemEtMDEuanBnIiwic2xpZGVzaG93IjoiMTE0YWQ3MCJ9\" href='https:\/\/ceramitage.eu\/wp-content\/uploads\/2023\/09\/Faenza-01.jpg'><img loading=\"lazy\" decoding=\"async\" width=\"370\" height=\"265\" src=\"https:\/\/ceramitage.eu\/wp-content\/uploads\/2023\/09\/Faenza-01-370x265.jpg\" class=\"attachment-post-thumbnail size-post-thumbnail\" alt=\"\" \/><\/a>\n\t\t\t<\/div><\/figure><figure class='gallery-item'>\n\t\t\t<div class='gallery-icon landscape'>\n\t\t\t\t<a data-elementor-open-lightbox=\"yes\" data-elementor-lightbox-slideshow=\"114ad70\" data-elementor-lightbox-title=\"Delft 02\" data-e-action-hash=\"#elementor-action%3Aaction%3Dlightbox%26settings%3DeyJpZCI6NDI0MiwidXJsIjoiaHR0cHM6XC9cL2NlcmFtaXRhZ2UuZXVcL3dwLWNvbnRlbnRcL3VwbG9hZHNcLzIwMjNcLzA5XC9EZWxmdC0wMi5qcGciLCJzbGlkZXNob3ciOiIxMTRhZDcwIn0%3D\" href='https:\/\/ceramitage.eu\/wp-content\/uploads\/2023\/09\/Delft-02.jpg'><img loading=\"lazy\" decoding=\"async\" width=\"370\" height=\"265\" src=\"https:\/\/ceramitage.eu\/wp-content\/uploads\/2023\/09\/Delft-02-370x265.jpg\" class=\"attachment-post-thumbnail size-post-thumbnail\" alt=\"\" \/><\/a>\n\t\t\t<\/div><\/figure><figure class='gallery-item'>\n\t\t\t<div class='gallery-icon portrait'>\n\t\t\t\t<a data-elementor-open-lightbox=\"yes\" data-elementor-lightbox-slideshow=\"114ad70\" data-elementor-lightbox-title=\"Castello de la Plana 01\" data-e-action-hash=\"#elementor-action%3Aaction%3Dlightbox%26settings%3DeyJpZCI6NDIzOSwidXJsIjoiaHR0cHM6XC9cL2NlcmFtaXRhZ2UuZXVcL3dwLWNvbnRlbnRcL3VwbG9hZHNcLzIwMjNcLzA5XC9DYXN0ZWxsby1kZS1sYS1QbGFuYS0wMS5qcGciLCJzbGlkZXNob3ciOiIxMTRhZDcwIn0%3D\" href='https:\/\/ceramitage.eu\/wp-content\/uploads\/2023\/09\/Castello-de-la-Plana-01.jpg'><img loading=\"lazy\" decoding=\"async\" width=\"370\" height=\"265\" src=\"https:\/\/ceramitage.eu\/wp-content\/uploads\/2023\/09\/Castello-de-la-Plana-01-370x265.jpg\" class=\"attachment-post-thumbnail size-post-thumbnail\" alt=\"\" \/><\/a>\n\t\t\t<\/div><\/figure>\n\t\t<\/div>\n\t\t<\/div>\n\t\t\t\t<\/div>\n\t\t\t\t<\/div>\n\t\t\t\t\t<\/div>\n\t\t<\/div>\n\t\t\t\t\t<\/div>\n\t\t<\/section>\n\t\t\t\t<\/div>\n\t\t","protected":false},"excerpt":{"rendered":"<p>Den europeiske keramikkruten startet i 2012. M\u00e5let for prosjektet er \u00e5 fremme kulturarven knyttet til keramikkh\u00e5ndverk gjennom \u00e5 skape et b\u00e6rekraftig og konkurransedyktig turisttilbud basert p\u00e5 produksjon og samlinger (verksteder og museer), samtidig som det eksplisitt vises til keramikkbyenes komplekse kulturelle og sosiale utvikling. Rutens aktiviteter ble koordinert av byen Limoges de f\u00f8rste fem \u00e5rene; [&hellip;]<\/p>\n","protected":false},"author":1,"featured_media":0,"parent":0,"menu_order":0,"comment_status":"closed","ping_status":"closed","template":"","meta":{"footnotes":""},"class_list":["post-1169","page","type-page","status-publish","hentry"],"_links":{"self":[{"href":"https:\/\/ceramitage.eu\/no\/wp-json\/wp\/v2\/pages\/1169","targetHints":{"allow":["GET"]}}],"collection":[{"href":"https:\/\/ceramitage.eu\/no\/wp-json\/wp\/v2\/pages"}],"about":[{"href":"https:\/\/ceramitage.eu\/no\/wp-json\/wp\/v2\/types\/page"}],"author":[{"embeddable":true,"href":"https:\/\/ceramitage.eu\/no\/wp-json\/wp\/v2\/users\/1"}],"replies":[{"embeddable":true,"href":"https:\/\/ceramitage.eu\/no\/wp-json\/wp\/v2\/comments?post=1169"}],"version-history":[{"count":7,"href":"https:\/\/ceramitage.eu\/no\/wp-json\/wp\/v2\/pages\/1169\/revisions"}],"predecessor-version":[{"id":4287,"href":"https:\/\/ceramitage.eu\/no\/wp-json\/wp\/v2\/pages\/1169\/revisions\/4287"}],"wp:attachment":[{"href":"https:\/\/ceramitage.eu\/no\/wp-json\/wp\/v2\/media?parent=1169"}],"curies":[{"name":"wp","href":"https:\/\/api.w.org\/{rel}","templated":true}]}}